{"id":927,"date":"2026-02-15T12:36:18","date_gmt":"2026-02-15T11:36:18","guid":{"rendered":"https:\/\/projects.nib.si\/obrockanjesov-it\/?page_id=927"},"modified":"2026-03-08T09:23:47","modified_gmt":"2026-03-08T08:23:47","slug":"kozaca-pomlad-4y","status":"publish","type":"page","link":"https:\/\/projects.nib.si\/obrockanjesov-it\/sove-strigiformes\/kozaca\/kozaca-cas\/kozaca-jesen\/kozaca-pomlad-juv_ad\/kozaca-pomlad-juv-adad\/kozaca-pomlad-4y\/","title":{"rendered":"4Y"},"content":{"rendered":"\n<figure class=\"wp-block-image size-large\"><img loading=\"lazy\" decoding=\"async\" width=\"1024\" height=\"626\" data-attachment-id=\"920\" data-permalink=\"https:\/\/projects.nib.si\/obrockanjesov-it\/sove-strigiformes\/kozaca\/kozaca-cas\/kozaca-jesen\/kozaca-pomlad-juv_ad\/kozaca-pomlad-juv-adad\/suralensis-letalna-juv_2ad\/\" data-orig-file=\"https:\/\/projects.nib.si\/obrockanjesov-it\/wp-content\/uploads\/sites\/77\/2026\/02\/Suralensis-letalna-juv_2ad.jpg\" data-orig-size=\"1280,782\" data-comments-opened=\"0\" data-image-meta=\"{&quot;aperture&quot;:&quot;0&quot;,&quot;credit&quot;:&quot;&quot;,&quot;camera&quot;:&quot;&quot;,&quot;caption&quot;:&quot;&quot;,&quot;created_timestamp&quot;:&quot;0&quot;,&quot;copyright&quot;:&quot;&quot;,&quot;focal_length&quot;:&quot;0&quot;,&quot;iso&quot;:&quot;0&quot;,&quot;shutter_speed&quot;:&quot;0&quot;,&quot;title&quot;:&quot;&quot;,&quot;orientation&quot;:&quot;0&quot;}\" data-image-title=\"Suralensis-letalna-juv_2ad\" data-image-description=\"\" data-image-caption=\"\" data-medium-file=\"https:\/\/projects.nib.si\/obrockanjesov-it\/wp-content\/uploads\/sites\/77\/2026\/02\/Suralensis-letalna-juv_2ad-300x183.jpg\" data-large-file=\"https:\/\/projects.nib.si\/obrockanjesov-it\/wp-content\/uploads\/sites\/77\/2026\/02\/Suralensis-letalna-juv_2ad-1024x626.jpg\" src=\"http:\/\/projects.nib.si\/obrockanjesov-it\/wp-content\/uploads\/sites\/77\/2026\/02\/Suralensis-letalna-juv_2ad-1024x626.jpg\" alt=\"\" class=\"wp-image-920\" srcset=\"https:\/\/projects.nib.si\/obrockanjesov-it\/wp-content\/uploads\/sites\/77\/2026\/02\/Suralensis-letalna-juv_2ad-1024x626.jpg 1024w, https:\/\/projects.nib.si\/obrockanjesov-it\/wp-content\/uploads\/sites\/77\/2026\/02\/Suralensis-letalna-juv_2ad-300x183.jpg 300w, https:\/\/projects.nib.si\/obrockanjesov-it\/wp-content\/uploads\/sites\/77\/2026\/02\/Suralensis-letalna-juv_2ad-1200x733.jpg 1200w, https:\/\/projects.nib.si\/obrockanjesov-it\/wp-content\/uploads\/sites\/77\/2026\/02\/Suralensis-letalna-juv_2ad.jpg 1280w\" sizes=\"auto, (max-width: 709px) 85vw, (max-width: 909px) 67vw, (max-width: 1362px) 62vw, 840px\" \/><\/figure>\n\n\n\n<p>Copritrici primarie adulte. Le penne giovanili (J) sono visibilmente usurate e pi\u00f9 chiare delle altre penne. Tra le altre penne adulte \u00e8 visibile un contrasto (due generazioni di penne adulte), per cui alcune primarie adulte sono visibilmente pi\u00f9 chiare e pi\u00f9 usurate, poich\u00e9 appartengono alla prima generazione di penne adulte (O1). <strong>Caso raro, poich\u00e9 questa et\u00e0 non \u00e8 determinabile in tutti gli individui!<\/strong><\/p>\n","protected":false},"excerpt":{"rendered":"<p>Copritrici primarie adulte. Le penne giovanili (J) sono visibilmente usurate e pi\u00f9 chiare delle altre penne. Tra le altre penne adulte \u00e8 visibile un contrasto (due generazioni di penne adulte), per cui alcune primarie adulte sono visibilmente pi\u00f9 chiare e pi\u00f9 usurate, poich\u00e9 appartengono alla prima generazione di penne adulte (O1). Caso raro, poich\u00e9 questa &hellip; <a href=\"https:\/\/projects.nib.si\/obrockanjesov-it\/sove-strigiformes\/kozaca\/kozaca-cas\/kozaca-jesen\/kozaca-pomlad-juv_ad\/kozaca-pomlad-juv-adad\/kozaca-pomlad-4y\/\" class=\"more-link\">Preberi ve\u010d<span class=\"screen-reader-text\"> &#8220;4Y&#8221;<\/span><\/a><\/p>\n","protected":false},"author":23,"featured_media":0,"parent":919,"menu_order":0,"comment_status":"closed","ping_status":"closed","template":"","meta":{"jetpack_post_was_ever_published":false,"footnotes":""},"class_list":["post-927","page","type-page","status-publish","hentry"],"jetpack_sharing_enabled":true,"jetpack_shortlink":"https:\/\/wp.me\/Ph8Nat-eX","_links":{"self":[{"href":"https:\/\/projects.nib.si\/obrockanjesov-it\/wp-json\/wp\/v2\/pages\/927","targetHints":{"allow":["GET"]}}],"collection":[{"href":"https:\/\/projects.nib.si\/obrockanjesov-it\/wp-json\/wp\/v2\/pages"}],"about":[{"href":"https:\/\/projects.nib.si\/obrockanjesov-it\/wp-json\/wp\/v2\/types\/page"}],"author":[{"embeddable":true,"href":"https:\/\/projects.nib.si\/obrockanjesov-it\/wp-json\/wp\/v2\/users\/23"}],"replies":[{"embeddable":true,"href":"https:\/\/projects.nib.si\/obrockanjesov-it\/wp-json\/wp\/v2\/comments?post=927"}],"version-history":[{"count":2,"href":"https:\/\/projects.nib.si\/obrockanjesov-it\/wp-json\/wp\/v2\/pages\/927\/revisions"}],"predecessor-version":[{"id":1275,"href":"https:\/\/projects.nib.si\/obrockanjesov-it\/wp-json\/wp\/v2\/pages\/927\/revisions\/1275"}],"up":[{"embeddable":true,"href":"https:\/\/projects.nib.si\/obrockanjesov-it\/wp-json\/wp\/v2\/pages\/919"}],"wp:attachment":[{"href":"https:\/\/projects.nib.si\/obrockanjesov-it\/wp-json\/wp\/v2\/media?parent=927"}],"curies":[{"name":"wp","href":"https:\/\/api.w.org\/{rel}","templated":true}]}}