{"id":1083,"date":"2026-02-16T20:04:36","date_gmt":"2026-02-16T19:04:36","guid":{"rendered":"https:\/\/projects.nib.si\/obrockanjesov\/?page_id=1083"},"modified":"2026-02-17T09:04:16","modified_gmt":"2026-02-17T08:04:16","slug":"lesna-pomlad-ad","status":"publish","type":"page","link":"https:\/\/projects.nib.si\/obrockanjesov\/sove-strigiformes\/lesna-sova\/lesna-cas\/lesna-pomlad\/lesna-pomlad-ad\/","title":{"rendered":"Ali so vsa letalna peresa odrasla ali so poleg odraslih prisotna \u0161e juvenilna peresa?"},"content":{"rendered":"\n<div class=\"wp-block-columns is-layout-flex wp-container-core-columns-is-layout-9d6595d7 wp-block-columns-is-layout-flex\">\n<div class=\"wp-block-column is-layout-flow wp-block-column-is-layout-flow\">\n<figure class=\"wp-block-image size-large\"><img loading=\"lazy\" decoding=\"async\" width=\"1024\" height=\"658\" data-attachment-id=\"1085\" data-permalink=\"https:\/\/projects.nib.si\/obrockanjesov\/sove-strigiformes\/lesna-sova\/lesna-cas\/lesna-pomlad\/lesna-pomlad-ad\/saluco-pomlad-letalna_ad\/\" data-orig-file=\"https:\/\/projects.nib.si\/obrockanjesov\/wp-content\/uploads\/sites\/70\/2026\/02\/Saluco-pomlad-letalna_ad.jpg\" data-orig-size=\"1259,809\" data-comments-opened=\"0\" data-image-meta=\"{&quot;aperture&quot;:&quot;0&quot;,&quot;credit&quot;:&quot;&quot;,&quot;camera&quot;:&quot;&quot;,&quot;caption&quot;:&quot;&quot;,&quot;created_timestamp&quot;:&quot;0&quot;,&quot;copyright&quot;:&quot;&quot;,&quot;focal_length&quot;:&quot;0&quot;,&quot;iso&quot;:&quot;0&quot;,&quot;shutter_speed&quot;:&quot;0&quot;,&quot;title&quot;:&quot;&quot;,&quot;orientation&quot;:&quot;0&quot;}\" data-image-title=\"Saluco-pomlad-letalna_ad\" data-image-description=\"\" data-image-caption=\"\" data-medium-file=\"https:\/\/projects.nib.si\/obrockanjesov\/wp-content\/uploads\/sites\/70\/2026\/02\/Saluco-pomlad-letalna_ad-300x193.jpg\" data-large-file=\"https:\/\/projects.nib.si\/obrockanjesov\/wp-content\/uploads\/sites\/70\/2026\/02\/Saluco-pomlad-letalna_ad-1024x658.jpg\" src=\"http:\/\/projects.nib.si\/obrockanjesov\/wp-content\/uploads\/sites\/70\/2026\/02\/Saluco-pomlad-letalna_ad-1024x658.jpg\" alt=\"\" class=\"wp-image-1085\" srcset=\"https:\/\/projects.nib.si\/obrockanjesov\/wp-content\/uploads\/sites\/70\/2026\/02\/Saluco-pomlad-letalna_ad-1024x658.jpg 1024w, https:\/\/projects.nib.si\/obrockanjesov\/wp-content\/uploads\/sites\/70\/2026\/02\/Saluco-pomlad-letalna_ad-300x193.jpg 300w, https:\/\/projects.nib.si\/obrockanjesov\/wp-content\/uploads\/sites\/70\/2026\/02\/Saluco-pomlad-letalna_ad-1200x771.jpg 1200w, https:\/\/projects.nib.si\/obrockanjesov\/wp-content\/uploads\/sites\/70\/2026\/02\/Saluco-pomlad-letalna_ad.jpg 1259w\" sizes=\"auto, (max-width: 709px) 85vw, (max-width: 909px) 67vw, (max-width: 1362px) 62vw, 840px\" \/><\/figure>\n\n\n\n<div class=\"wp-block-buttons is-layout-flex wp-block-buttons-is-layout-flex\">\n<div class=\"wp-block-button has-custom-width wp-block-button__width-100\"><a class=\"wp-block-button__link wp-element-button\" href=\"https:\/\/projects.nib.si\/obrockanjesov\/sove-strigiformes\/lesna-sova\/lesna-cas\/lesna-pomlad\/lesna-pomlad-ad\/lesna-4y_plus\/\">Samo odrasla peresa<\/a><\/div>\n<\/div>\n\n\n\n<p>Odrasla peresa imajo na koncu letalnih peres debelej\u0161o in nikoli prekinjeno progo. Svetle konice peres so \u0161ir\u0161e kot pri juvenilnih. V peruti so lahko odrasla peresa razli\u010dnih generacij (razli\u010dni barvni odtenki: svetlej\u0161a so starej\u0161a in temnej\u0161a so mlaj\u0161a peresa).<\/p>\n<\/div>\n\n\n\n<div class=\"wp-block-column is-layout-flow wp-block-column-is-layout-flow\">\n<figure class=\"wp-block-image size-large\"><img loading=\"lazy\" decoding=\"async\" width=\"1024\" height=\"657\" data-attachment-id=\"1084\" data-permalink=\"https:\/\/projects.nib.si\/obrockanjesov\/sove-strigiformes\/lesna-sova\/lesna-cas\/lesna-pomlad\/lesna-pomlad-ad\/saluco-pomlad-letalna_juvad2\/\" data-orig-file=\"https:\/\/projects.nib.si\/obrockanjesov\/wp-content\/uploads\/sites\/70\/2026\/02\/Saluco-pomlad-letalna_juvad2.jpg\" data-orig-size=\"1280,821\" data-comments-opened=\"0\" data-image-meta=\"{&quot;aperture&quot;:&quot;0&quot;,&quot;credit&quot;:&quot;&quot;,&quot;camera&quot;:&quot;&quot;,&quot;caption&quot;:&quot;&quot;,&quot;created_timestamp&quot;:&quot;0&quot;,&quot;copyright&quot;:&quot;&quot;,&quot;focal_length&quot;:&quot;0&quot;,&quot;iso&quot;:&quot;0&quot;,&quot;shutter_speed&quot;:&quot;0&quot;,&quot;title&quot;:&quot;&quot;,&quot;orientation&quot;:&quot;0&quot;}\" data-image-title=\"Saluco-pomlad-letalna_juvad2\" data-image-description=\"\" data-image-caption=\"\" data-medium-file=\"https:\/\/projects.nib.si\/obrockanjesov\/wp-content\/uploads\/sites\/70\/2026\/02\/Saluco-pomlad-letalna_juvad2-300x192.jpg\" data-large-file=\"https:\/\/projects.nib.si\/obrockanjesov\/wp-content\/uploads\/sites\/70\/2026\/02\/Saluco-pomlad-letalna_juvad2-1024x657.jpg\" src=\"http:\/\/projects.nib.si\/obrockanjesov\/wp-content\/uploads\/sites\/70\/2026\/02\/Saluco-pomlad-letalna_juvad2-1024x657.jpg\" alt=\"\" class=\"wp-image-1084\" srcset=\"https:\/\/projects.nib.si\/obrockanjesov\/wp-content\/uploads\/sites\/70\/2026\/02\/Saluco-pomlad-letalna_juvad2-1024x657.jpg 1024w, https:\/\/projects.nib.si\/obrockanjesov\/wp-content\/uploads\/sites\/70\/2026\/02\/Saluco-pomlad-letalna_juvad2-300x192.jpg 300w, https:\/\/projects.nib.si\/obrockanjesov\/wp-content\/uploads\/sites\/70\/2026\/02\/Saluco-pomlad-letalna_juvad2-1200x770.jpg 1200w, https:\/\/projects.nib.si\/obrockanjesov\/wp-content\/uploads\/sites\/70\/2026\/02\/Saluco-pomlad-letalna_juvad2.jpg 1280w\" sizes=\"auto, (max-width: 709px) 85vw, (max-width: 909px) 67vw, (max-width: 1362px) 62vw, 840px\" \/><\/figure>\n\n\n\n<div class=\"wp-block-buttons is-layout-flex wp-block-buttons-is-layout-flex\">\n<div class=\"wp-block-button has-custom-width wp-block-button__width-100\"><a class=\"wp-block-button__link wp-element-button\" href=\"https:\/\/projects.nib.si\/obrockanjesov\/sove-strigiformes\/lesna-sova\/lesna-cas\/lesna-pomlad\/lesna-pomlad-ad\/lesna-pomlad-juvad\/\">Juvenilna in odrasla peresa<\/a><\/div>\n<\/div>\n\n\n\n<p>Juvenilna peresa (J) imajo na koncu letalnih peres zna\u010dilno dodatno tanj\u0161o in pogosto prekinjeno progo, \u010desar na odraslih peresih ni. Svetle konice peres so o\u017eje kot pri odraslih. Juvenilna peresa so navadno svetlej\u0161a, saj so starej\u0161a od odraslih peres v peruti.<\/p>\n<\/div>\n<\/div>\n","protected":false},"excerpt":{"rendered":"<p>Odrasla peresa imajo na koncu letalnih peres debelej\u0161o in nikoli prekinjeno progo. Svetle konice peres so \u0161ir\u0161e kot pri juvenilnih. V peruti so lahko odrasla peresa razli\u010dnih generacij (razli\u010dni barvni odtenki: svetlej\u0161a so starej\u0161a in temnej\u0161a so mlaj\u0161a peresa). Juvenilna peresa (J) imajo na koncu letalnih peres zna\u010dilno dodatno tanj\u0161o in pogosto prekinjeno progo, \u010desar &hellip; <a href=\"https:\/\/projects.nib.si\/obrockanjesov\/sove-strigiformes\/lesna-sova\/lesna-cas\/lesna-pomlad\/lesna-pomlad-ad\/\" class=\"more-link\">Preberi ve\u010d<span class=\"screen-reader-text\"> &#8220;Ali so vsa letalna peresa odrasla ali so poleg odraslih prisotna \u0161e juvenilna peresa?&#8221;<\/span><\/a><\/p>\n","protected":false},"author":23,"featured_media":0,"parent":1069,"menu_order":0,"comment_status":"closed","ping_status":"closed","template":"","meta":{"jetpack_post_was_ever_published":false,"footnotes":""},"class_list":["post-1083","page","type-page","status-publish","hentry"],"jetpack_sharing_enabled":true,"jetpack_shortlink":"https:\/\/wp.me\/Ph8Nal-ht","_links":{"self":[{"href":"https:\/\/projects.nib.si\/obrockanjesov\/wp-json\/wp\/v2\/pages\/1083","targetHints":{"allow":["GET"]}}],"collection":[{"href":"https:\/\/projects.nib.si\/obrockanjesov\/wp-json\/wp\/v2\/pages"}],"about":[{"href":"https:\/\/projects.nib.si\/obrockanjesov\/wp-json\/wp\/v2\/types\/page"}],"author":[{"embeddable":true,"href":"https:\/\/projects.nib.si\/obrockanjesov\/wp-json\/wp\/v2\/users\/23"}],"replies":[{"embeddable":true,"href":"https:\/\/projects.nib.si\/obrockanjesov\/wp-json\/wp\/v2\/comments?post=1083"}],"version-history":[{"count":5,"href":"https:\/\/projects.nib.si\/obrockanjesov\/wp-json\/wp\/v2\/pages\/1083\/revisions"}],"predecessor-version":[{"id":1097,"href":"https:\/\/projects.nib.si\/obrockanjesov\/wp-json\/wp\/v2\/pages\/1083\/revisions\/1097"}],"up":[{"embeddable":true,"href":"https:\/\/projects.nib.si\/obrockanjesov\/wp-json\/wp\/v2\/pages\/1069"}],"wp:attachment":[{"href":"https:\/\/projects.nib.si\/obrockanjesov\/wp-json\/wp\/v2\/media?parent=1083"}],"curies":[{"name":"wp","href":"https:\/\/api.w.org\/{rel}","templated":true}]}}