{"id":1121,"date":"2026-02-17T10:35:24","date_gmt":"2026-02-17T09:35:24","guid":{"rendered":"https:\/\/projects.nib.si\/obrockanjesov\/?page_id=1121"},"modified":"2026-02-17T10:41:58","modified_gmt":"2026-02-17T09:41:58","slug":"lesna-jesen-letalna-juvad","status":"publish","type":"page","link":"https:\/\/projects.nib.si\/obrockanjesov\/sove-strigiformes\/lesna-sova\/lesna-cas\/lesna-jesen\/lesna-jesen-letalna_ad\/lesna-jesen-letalna-juvad\/","title":{"rendered":"Ali so poleg juvenilnih peres prisotna odrasla peresa ene ali dveh generacij?"},"content":{"rendered":"\n<div class=\"wp-block-columns is-layout-flex wp-container-core-columns-is-layout-9d6595d7 wp-block-columns-is-layout-flex\">\n<div class=\"wp-block-column is-layout-flow wp-block-column-is-layout-flow\">\n<figure class=\"wp-block-image size-large\"><img loading=\"lazy\" decoding=\"async\" width=\"1024\" height=\"657\" data-attachment-id=\"1084\" data-permalink=\"https:\/\/projects.nib.si\/obrockanjesov\/sove-strigiformes\/lesna-sova\/lesna-cas\/lesna-pomlad\/lesna-pomlad-ad\/saluco-pomlad-letalna_juvad2\/\" data-orig-file=\"https:\/\/projects.nib.si\/obrockanjesov\/wp-content\/uploads\/sites\/70\/2026\/02\/Saluco-pomlad-letalna_juvad2.jpg\" data-orig-size=\"1280,821\" data-comments-opened=\"0\" data-image-meta=\"{&quot;aperture&quot;:&quot;0&quot;,&quot;credit&quot;:&quot;&quot;,&quot;camera&quot;:&quot;&quot;,&quot;caption&quot;:&quot;&quot;,&quot;created_timestamp&quot;:&quot;0&quot;,&quot;copyright&quot;:&quot;&quot;,&quot;focal_length&quot;:&quot;0&quot;,&quot;iso&quot;:&quot;0&quot;,&quot;shutter_speed&quot;:&quot;0&quot;,&quot;title&quot;:&quot;&quot;,&quot;orientation&quot;:&quot;0&quot;}\" data-image-title=\"Saluco-pomlad-letalna_juvad2\" data-image-description=\"\" data-image-caption=\"\" data-medium-file=\"https:\/\/projects.nib.si\/obrockanjesov\/wp-content\/uploads\/sites\/70\/2026\/02\/Saluco-pomlad-letalna_juvad2-300x192.jpg\" data-large-file=\"https:\/\/projects.nib.si\/obrockanjesov\/wp-content\/uploads\/sites\/70\/2026\/02\/Saluco-pomlad-letalna_juvad2-1024x657.jpg\" src=\"http:\/\/projects.nib.si\/obrockanjesov\/wp-content\/uploads\/sites\/70\/2026\/02\/Saluco-pomlad-letalna_juvad2-1024x657.jpg\" alt=\"\" class=\"wp-image-1084\" srcset=\"https:\/\/projects.nib.si\/obrockanjesov\/wp-content\/uploads\/sites\/70\/2026\/02\/Saluco-pomlad-letalna_juvad2-1024x657.jpg 1024w, https:\/\/projects.nib.si\/obrockanjesov\/wp-content\/uploads\/sites\/70\/2026\/02\/Saluco-pomlad-letalna_juvad2-300x192.jpg 300w, https:\/\/projects.nib.si\/obrockanjesov\/wp-content\/uploads\/sites\/70\/2026\/02\/Saluco-pomlad-letalna_juvad2-1200x770.jpg 1200w, https:\/\/projects.nib.si\/obrockanjesov\/wp-content\/uploads\/sites\/70\/2026\/02\/Saluco-pomlad-letalna_juvad2.jpg 1280w\" sizes=\"auto, (max-width: 709px) 85vw, (max-width: 909px) 67vw, (max-width: 1362px) 62vw, 840px\" \/><\/figure>\n\n\n\n<div class=\"wp-block-buttons is-layout-flex wp-block-buttons-is-layout-flex\">\n<div class=\"wp-block-button has-custom-width wp-block-button__width-100\"><a class=\"wp-block-button__link wp-element-button\" href=\"https:\/\/projects.nib.si\/obrockanjesov\/sove-strigiformes\/lesna-sova\/lesna-cas\/lesna-jesen\/lesna-jesen-letalna_ad\/lesna-jesen-letalna-juvad\/lesna-jesen-2y\/\">Juvenilna peresa + <br>1 generacija odraslih<\/a><\/div>\n<\/div>\n\n\n\n<p>Juvenilna peresa (J) so opazno svetlej\u0161a od odraslih. Med odraslimi peresi ni opaziti razlike v barvnem odtenku.\u00a0<\/p>\n<\/div>\n\n\n\n<div class=\"wp-block-column is-layout-flow wp-block-column-is-layout-flow\">\n<figure class=\"wp-block-image size-large\"><img loading=\"lazy\" decoding=\"async\" width=\"1024\" height=\"662\" data-attachment-id=\"1093\" data-permalink=\"https:\/\/projects.nib.si\/obrockanjesov\/sove-strigiformes\/lesna-sova\/lesna-cas\/lesna-pomlad\/lesna-pomlad-ad\/lesna-pomlad-juvad\/saluco-letalna-juv_ad2\/\" data-orig-file=\"https:\/\/projects.nib.si\/obrockanjesov\/wp-content\/uploads\/sites\/70\/2026\/02\/Saluco-letalna-juv_ad2.jpg\" data-orig-size=\"1280,827\" data-comments-opened=\"0\" data-image-meta=\"{&quot;aperture&quot;:&quot;0&quot;,&quot;credit&quot;:&quot;&quot;,&quot;camera&quot;:&quot;&quot;,&quot;caption&quot;:&quot;&quot;,&quot;created_timestamp&quot;:&quot;0&quot;,&quot;copyright&quot;:&quot;&quot;,&quot;focal_length&quot;:&quot;0&quot;,&quot;iso&quot;:&quot;0&quot;,&quot;shutter_speed&quot;:&quot;0&quot;,&quot;title&quot;:&quot;&quot;,&quot;orientation&quot;:&quot;0&quot;}\" data-image-title=\"Saluco-letalna-juv_ad2\" data-image-description=\"\" data-image-caption=\"\" data-medium-file=\"https:\/\/projects.nib.si\/obrockanjesov\/wp-content\/uploads\/sites\/70\/2026\/02\/Saluco-letalna-juv_ad2-300x194.jpg\" data-large-file=\"https:\/\/projects.nib.si\/obrockanjesov\/wp-content\/uploads\/sites\/70\/2026\/02\/Saluco-letalna-juv_ad2-1024x662.jpg\" src=\"http:\/\/projects.nib.si\/obrockanjesov\/wp-content\/uploads\/sites\/70\/2026\/02\/Saluco-letalna-juv_ad2-1024x662.jpg\" alt=\"\" class=\"wp-image-1093\" srcset=\"https:\/\/projects.nib.si\/obrockanjesov\/wp-content\/uploads\/sites\/70\/2026\/02\/Saluco-letalna-juv_ad2-1024x662.jpg 1024w, https:\/\/projects.nib.si\/obrockanjesov\/wp-content\/uploads\/sites\/70\/2026\/02\/Saluco-letalna-juv_ad2-300x194.jpg 300w, https:\/\/projects.nib.si\/obrockanjesov\/wp-content\/uploads\/sites\/70\/2026\/02\/Saluco-letalna-juv_ad2-1200x775.jpg 1200w, https:\/\/projects.nib.si\/obrockanjesov\/wp-content\/uploads\/sites\/70\/2026\/02\/Saluco-letalna-juv_ad2.jpg 1280w\" sizes=\"auto, (max-width: 709px) 85vw, (max-width: 909px) 67vw, (max-width: 1362px) 62vw, 840px\" \/><\/figure>\n\n\n\n<div class=\"wp-block-buttons is-layout-flex wp-block-buttons-is-layout-flex\">\n<div class=\"wp-block-button has-custom-width wp-block-button__width-100\"><a class=\"wp-block-button__link wp-element-button\" href=\"https:\/\/projects.nib.si\/obrockanjesov\/sove-strigiformes\/lesna-sova\/lesna-cas\/lesna-jesen\/lesna-jesen-letalna_ad\/lesna-jesen-letalna-juvad\/lesna-jesen-3y\/\">Juvenilna peresa + <br>2 generaciji odraslih<\/a><\/div>\n<\/div>\n\n\n\n<p>Juvenilna peresa (J) so opazno svetlej\u0161a od ostalih peres. Med ostalimi odraslimi peresi je opaziti kontrast (dve generaciji odraslih peres), pri \u010demer so nekatera odrasla primarna peresa opazno temnej\u0161a (O2), bolj sve\u017ea, od ostalih odraslih peres.\u00a0<\/p>\n<\/div>\n<\/div>\n","protected":false},"excerpt":{"rendered":"<p>Juvenilna peresa (J) so opazno svetlej\u0161a od odraslih. Med odraslimi peresi ni opaziti razlike v barvnem odtenku.\u00a0 Juvenilna peresa (J) so opazno svetlej\u0161a od ostalih peres. Med ostalimi odraslimi peresi je opaziti kontrast (dve generaciji odraslih peres), pri \u010demer so nekatera odrasla primarna peresa opazno temnej\u0161a (O2), bolj sve\u017ea, od ostalih odraslih peres.\u00a0<\/p>\n","protected":false},"author":23,"featured_media":0,"parent":1114,"menu_order":0,"comment_status":"closed","ping_status":"closed","template":"","meta":{"jetpack_post_was_ever_published":false,"footnotes":""},"class_list":["post-1121","page","type-page","status-publish","hentry"],"jetpack_sharing_enabled":true,"jetpack_shortlink":"https:\/\/wp.me\/Ph8Nal-i5","_links":{"self":[{"href":"https:\/\/projects.nib.si\/obrockanjesov\/wp-json\/wp\/v2\/pages\/1121","targetHints":{"allow":["GET"]}}],"collection":[{"href":"https:\/\/projects.nib.si\/obrockanjesov\/wp-json\/wp\/v2\/pages"}],"about":[{"href":"https:\/\/projects.nib.si\/obrockanjesov\/wp-json\/wp\/v2\/types\/page"}],"author":[{"embeddable":true,"href":"https:\/\/projects.nib.si\/obrockanjesov\/wp-json\/wp\/v2\/users\/23"}],"replies":[{"embeddable":true,"href":"https:\/\/projects.nib.si\/obrockanjesov\/wp-json\/wp\/v2\/comments?post=1121"}],"version-history":[{"count":4,"href":"https:\/\/projects.nib.si\/obrockanjesov\/wp-json\/wp\/v2\/pages\/1121\/revisions"}],"predecessor-version":[{"id":1133,"href":"https:\/\/projects.nib.si\/obrockanjesov\/wp-json\/wp\/v2\/pages\/1121\/revisions\/1133"}],"up":[{"embeddable":true,"href":"https:\/\/projects.nib.si\/obrockanjesov\/wp-json\/wp\/v2\/pages\/1114"}],"wp:attachment":[{"href":"https:\/\/projects.nib.si\/obrockanjesov\/wp-json\/wp\/v2\/media?parent=1121"}],"curies":[{"name":"wp","href":"https:\/\/api.w.org\/{rel}","templated":true}]}}