{"id":268,"date":"2017-03-09T10:37:56","date_gmt":"2017-03-09T09:37:56","guid":{"rendered":"http:\/\/projects.nib.si\/xylvecsi\/?page_id=268"},"modified":"2022-10-09T01:28:40","modified_gmt":"2022-10-09T00:28:40","slug":"events-2","status":"publish","type":"page","link":"https:\/\/projects.nib.si\/xylvecsi\/events-2\/","title":{"rendered":"Novice in dogodki"},"content":{"rendered":"<p><span style=\"color: #006666\"><em>Prispevek v reviji Oljka<br \/>\n<\/em><\/span><\/p>\n<p>Rezultate projekta smo po zaklju\u010dnem posvetiu povzeli tudi v glasilu Oljka, ki ga izdaja Dru\u0161tvo oljkarjev Slovenske Istre. Prispevek lahko najdete v letniku XXI, januar 2020, na spletni strani dru\u0161tva (<a href=\"https:\/\/www.dosi.si\/glasilo-oljka\" target=\"_blank\">Glasilo Oljka<\/a>).<\/p>\n<hr \/>\n<p><span style=\"color: #006666\"><em>Posvet ob zaklju\u010dku projekta: \u0160irjenje bakterijskega o\u017eiga oljk (Xylella fastidiosa) &#8211; gro\u017enja za Sredozemlje in \u0161ir\u0161e? Marezige, 26.9.2019<br \/>\n<\/em><\/span><\/p>\n<p>Ob zaklju\u010dku projekta smo pridobljena nova znanja o bakteriji, gostiteljskih rastlinah in \u017eu\u017eel\u010djih prena\u0161alcih, strnili in predstavili na posvetu, ki ga je obiskalo ve\u010d kot 200 udele\u017eencev. Poleg rezultatov projekta je mag. Erika Ore\u0161ek predstavila aktivnosti Uprave za varno hrano, veterinarstvo in varstvo rastlin za prepre\u010devanje vnosa in \u0161irjenja bakterije <em>Xylella fastidiosa.<\/em> Ponovno je bil z nami dr. Donato Boscia iz CNR &#8211; Institute for Sustainable Plant Protection, Bari, Italija, eden najve\u010djih evropskih strokovnjakov za bakterijski o\u017eig oljk in z nami delil svoje izku\u0161nje ob spremljanju izbruha bolezni v Apuliji, kjer ima tudi njegova dru\u017eina nasade oljk.<\/p>\n<hr \/>\n<p><span style=\"color: #006666\"><em>Plakat Galerija slik bolezenskih znamenj, ki jih na razli\u010dnih rastlinah povzro\u010da oku\u017eba z bakterijo Xylella fastidiosa, maj 2019<br \/>\n<\/em><\/span><\/p>\n<p>Bakterija <em>Xylella fastidiosa<\/em> \u017eivi v vodovodnih (ksilemskih) ceveh rastlin. Ve\u010dina bolezenskih znamenj je povezanih z namno\u017eevanjem bakterije, ki cevi zama\u0161ijo in v rastlini prekinejo pretok vode. Rastline se lahko zato za\u010dnejo su\u0161iti. Med bolezenskimi znamenji najdemo: o\u017eig in venenje listov, su\u0161enje ter (prezgodnje) odpadanje listja, kloroze ali temne proge vzdol\u017e listnih robov, asimetri\u010dnost listja, nepravilno olesenevanje, zakrnelost, zmanj\u0161an pridelek in velikost plodov, iznaka\u017eenost plodov, odmiranje kro\u0161nje ali kombinacija teh simptomov. Pozor: ker so bolezenska znamenja v najve\u010dji meri posledica pomanjkanja vode, jih na videz ne moremo razikovati od su\u0161enja zaradi fiziolo\u0161kega pomanjkanja vode. Hkrati su\u0161a ne pomeni, da ni tudi bakterije <em>Xylella fastidiosa<\/em>. Veliko rastlin je lahko oku\u017eenih in ne razvijejo bolezenskih znamenj ali se ta razvijejo \u0161ele po nekaj letih oku\u017ebe &#8211; ko vidimo bolezenska znamenja, je lahko za ukrepanje \u017ee prepozno. Zato je za prepoznavanje oku\u017eb s <em>Xylella fastidiosa<\/em> nujno laboratorijsko testiranje.<\/p>\n<p><a href=\"https:\/\/i0.wp.com\/projects.nib.si\/xylvecsi\/wp-content\/uploads\/sites\/12\/2022\/10\/XylVec_Xyf_PlakatGalerijaSlik_v2_2019_ponatis1_icon.jpg\" rel=\"attachment wp-att-367\"><img data-recalc-dims=\"1\" loading=\"lazy\" decoding=\"async\" data-attachment-id=\"367\" data-permalink=\"https:\/\/projects.nib.si\/xylvecsi\/2022\/10\/09\/plakat-bolezenska-znamenja-ob-okuzbi-s-xylella-fastidiosa\/xylvec_xyf_plakatgalerijaslik_v2_2019_ponatis1_icon\/\" data-orig-file=\"https:\/\/i0.wp.com\/projects.nib.si\/xylvecsi\/wp-content\/uploads\/sites\/12\/2022\/10\/XylVec_Xyf_PlakatGalerijaSlik_v2_2019_ponatis1_icon.jpg?fit=561%2C757&amp;ssl=1\" data-orig-size=\"561,757\" data-comments-opened=\"1\" data-image-meta=\"{&quot;aperture&quot;:&quot;0&quot;,&quot;credit&quot;:&quot;&quot;,&quot;camera&quot;:&quot;&quot;,&quot;caption&quot;:&quot;&quot;,&quot;created_timestamp&quot;:&quot;0&quot;,&quot;copyright&quot;:&quot;&quot;,&quot;focal_length&quot;:&quot;0&quot;,&quot;iso&quot;:&quot;0&quot;,&quot;shutter_speed&quot;:&quot;0&quot;,&quot;title&quot;:&quot;&quot;,&quot;orientation&quot;:&quot;0&quot;}\" data-image-title=\"\" data-image-description=\"\" data-image-caption=\"\" data-medium-file=\"https:\/\/i0.wp.com\/projects.nib.si\/xylvecsi\/wp-content\/uploads\/sites\/12\/2022\/10\/XylVec_Xyf_PlakatGalerijaSlik_v2_2019_ponatis1_icon.jpg?fit=222%2C300&amp;ssl=1\" data-large-file=\"https:\/\/i0.wp.com\/projects.nib.si\/xylvecsi\/wp-content\/uploads\/sites\/12\/2022\/10\/XylVec_Xyf_PlakatGalerijaSlik_v2_2019_ponatis1_icon.jpg?fit=561%2C757&amp;ssl=1\" class=\"alignnone size-medium wp-image-367\" src=\"https:\/\/i0.wp.com\/projects.nib.si\/xylvecsi\/wp-content\/uploads\/sites\/12\/2022\/10\/XylVec_Xyf_PlakatGalerijaSlik_v2_2019_ponatis1_icon.jpg?resize=222%2C300\" alt=\"\" width=\"222\" height=\"300\" srcset=\"https:\/\/i0.wp.com\/projects.nib.si\/xylvecsi\/wp-content\/uploads\/sites\/12\/2022\/10\/XylVec_Xyf_PlakatGalerijaSlik_v2_2019_ponatis1_icon.jpg?resize=222%2C300&amp;ssl=1 222w, https:\/\/i0.wp.com\/projects.nib.si\/xylvecsi\/wp-content\/uploads\/sites\/12\/2022\/10\/XylVec_Xyf_PlakatGalerijaSlik_v2_2019_ponatis1_icon.jpg?w=561&amp;ssl=1 561w\" sizes=\"auto, (max-width: 222px) 100vw, 222px\" \/><\/a><\/p>\n<hr \/>\n<p>&nbsp;<\/p>\n<p><span style=\"color: #006666\"><em>Delavnica za preglednike: Prepoznavanje gostiteljskih rastlin bakterije Xylella fastidiosa in njenih \u017eu\u017eel\u010djih prena\u0161alcev, Koper in Strunjan, 30.5.2019<br \/>\n<\/em><\/span><\/p>\n<p>V Sloveniji je najve\u010d vrst rastlin, ki so ob\u010dutljive na oku\u017ebo z bakterijo <em>Xylella fastidiosa<\/em>, na Primorskem in Gori\u0161kem. Na teh obmo\u010djih so tudi najbolj pogoste. Nekatere, kot so oljke, oleandri, vinska trta ipd. poznamo vsi, nekatere pa so manj poznane. Ste vedeli kak\u0161na je okrasna mirtolistna grebenu\u0161a? V Evropi smo mirtolistne grebenu\u0161e oku\u017eene z bakterijo <em>Xylella fastidiosa<\/em> kar nekajkrat prestregli. Na sprehodu po Strunjanu lahko poleg mirtolistne grebenu\u0161e vidite \u0161e \u0161tevilne druge gostiteljske rastline, tudi samonikle npr. ostrolistni belu\u0161 in rumenocveto\u010do \u017euko.<\/p>\n<div id=\"attachment_360\" style=\"width: 310px\" class=\"wp-caption alignnone\"><img data-recalc-dims=\"1\" loading=\"lazy\" decoding=\"async\" aria-describedby=\"caption-attachment-360\" data-attachment-id=\"360\" data-permalink=\"https:\/\/projects.nib.si\/xylvecsi\/events-2\/delavnicapregledniki_rastlinenotri\/\" data-orig-file=\"https:\/\/i0.wp.com\/projects.nib.si\/xylvecsi\/wp-content\/uploads\/sites\/12\/2022\/10\/DelavnicaPregledniki_RastlineNotri.jpg?fit=2160%2C2160&amp;ssl=1\" data-orig-size=\"2160,2160\" data-comments-opened=\"1\" data-image-meta=\"{&quot;aperture&quot;:&quot;1.9&quot;,&quot;credit&quot;:&quot;Tanja Dreo, NIB&quot;,&quot;camera&quot;:&quot;SM-J710F&quot;,&quot;caption&quot;:&quot;&quot;,&quot;created_timestamp&quot;:&quot;1559206895&quot;,&quot;copyright&quot;:&quot;&quot;,&quot;focal_length&quot;:&quot;3.7&quot;,&quot;iso&quot;:&quot;250&quot;,&quot;shutter_speed&quot;:&quot;0.058823529411765&quot;,&quot;title&quot;:&quot;&quot;,&quot;orientation&quot;:&quot;1&quot;}\" data-image-title=\"Gostiteljske rastline\" data-image-description=\"\" data-image-caption=\"&lt;p&gt;Gostiteljske rastline v \u010dakajo na prepoznavo&lt;\/p&gt;\n\" data-medium-file=\"https:\/\/i0.wp.com\/projects.nib.si\/xylvecsi\/wp-content\/uploads\/sites\/12\/2022\/10\/DelavnicaPregledniki_RastlineNotri.jpg?fit=300%2C300&amp;ssl=1\" data-large-file=\"https:\/\/i0.wp.com\/projects.nib.si\/xylvecsi\/wp-content\/uploads\/sites\/12\/2022\/10\/DelavnicaPregledniki_RastlineNotri.jpg?fit=1024%2C1024&amp;ssl=1\" class=\"size-medium wp-image-360\" src=\"https:\/\/i0.wp.com\/projects.nib.si\/xylvecsi\/wp-content\/uploads\/sites\/12\/2022\/10\/DelavnicaPregledniki_RastlineNotri.jpg?resize=300%2C300\" alt=\"Gostiteljske rastline v \u010dakajo na prepoznavo\" width=\"300\" height=\"300\" srcset=\"https:\/\/i0.wp.com\/projects.nib.si\/xylvecsi\/wp-content\/uploads\/sites\/12\/2022\/10\/DelavnicaPregledniki_RastlineNotri.jpg?resize=300%2C300&amp;ssl=1 300w, https:\/\/i0.wp.com\/projects.nib.si\/xylvecsi\/wp-content\/uploads\/sites\/12\/2022\/10\/DelavnicaPregledniki_RastlineNotri.jpg?resize=150%2C150&amp;ssl=1 150w, https:\/\/i0.wp.com\/projects.nib.si\/xylvecsi\/wp-content\/uploads\/sites\/12\/2022\/10\/DelavnicaPregledniki_RastlineNotri.jpg?resize=768%2C768&amp;ssl=1 768w, https:\/\/i0.wp.com\/projects.nib.si\/xylvecsi\/wp-content\/uploads\/sites\/12\/2022\/10\/DelavnicaPregledniki_RastlineNotri.jpg?resize=1024%2C1024&amp;ssl=1 1024w, https:\/\/i0.wp.com\/projects.nib.si\/xylvecsi\/wp-content\/uploads\/sites\/12\/2022\/10\/DelavnicaPregledniki_RastlineNotri.jpg?w=2000 2000w\" sizes=\"auto, (max-width: 300px) 100vw, 300px\" \/><p id=\"caption-attachment-360\" class=\"wp-caption-text\">Gostiteljske rastline v \u010dakajo na prepoznavo<\/p><\/div>\n<div id=\"attachment_359\" style=\"width: 310px\" class=\"wp-caption alignnone\"><img data-recalc-dims=\"1\" loading=\"lazy\" decoding=\"async\" aria-describedby=\"caption-attachment-359\" data-attachment-id=\"359\" data-permalink=\"https:\/\/projects.nib.si\/xylvecsi\/events-2\/delavnicapregledniki_polygala_mpirc\/\" data-orig-file=\"https:\/\/i0.wp.com\/projects.nib.si\/xylvecsi\/wp-content\/uploads\/sites\/12\/2022\/10\/DelavnicaPregledniki_Polygala_MPirc.jpg?fit=4032%2C3024&amp;ssl=1\" data-orig-size=\"4032,3024\" data-comments-opened=\"1\" data-image-meta=\"{&quot;aperture&quot;:&quot;1.7&quot;,&quot;credit&quot;:&quot;&quot;,&quot;camera&quot;:&quot;SM-G930F&quot;,&quot;caption&quot;:&quot;&quot;,&quot;created_timestamp&quot;:&quot;1559218591&quot;,&quot;copyright&quot;:&quot;&quot;,&quot;focal_length&quot;:&quot;4.2&quot;,&quot;iso&quot;:&quot;40&quot;,&quot;shutter_speed&quot;:&quot;0.0018382352941176&quot;,&quot;title&quot;:&quot;&quot;,&quot;orientation&quot;:&quot;6&quot;}\" data-image-title=\"DelavnicaPregledniki_Polygala_MPirc\" data-image-description=\"\" data-image-caption=\"&lt;p&gt;Mirtolistna grebenu\u0161a v cvetju&lt;\/p&gt;\n\" data-medium-file=\"https:\/\/i0.wp.com\/projects.nib.si\/xylvecsi\/wp-content\/uploads\/sites\/12\/2022\/10\/DelavnicaPregledniki_Polygala_MPirc.jpg?fit=300%2C225&amp;ssl=1\" data-large-file=\"https:\/\/i0.wp.com\/projects.nib.si\/xylvecsi\/wp-content\/uploads\/sites\/12\/2022\/10\/DelavnicaPregledniki_Polygala_MPirc.jpg?fit=1024%2C768&amp;ssl=1\" class=\"size-medium wp-image-359\" src=\"https:\/\/i0.wp.com\/projects.nib.si\/xylvecsi\/wp-content\/uploads\/sites\/12\/2022\/10\/DelavnicaPregledniki_Polygala_MPirc.jpg?resize=300%2C225\" alt=\"Mirtolistna grebenu\u0161a v cvetju\" width=\"300\" height=\"225\" srcset=\"https:\/\/i0.wp.com\/projects.nib.si\/xylvecsi\/wp-content\/uploads\/sites\/12\/2022\/10\/DelavnicaPregledniki_Polygala_MPirc.jpg?resize=300%2C225&amp;ssl=1 300w, https:\/\/i0.wp.com\/projects.nib.si\/xylvecsi\/wp-content\/uploads\/sites\/12\/2022\/10\/DelavnicaPregledniki_Polygala_MPirc.jpg?resize=768%2C576&amp;ssl=1 768w, https:\/\/i0.wp.com\/projects.nib.si\/xylvecsi\/wp-content\/uploads\/sites\/12\/2022\/10\/DelavnicaPregledniki_Polygala_MPirc.jpg?resize=1024%2C768&amp;ssl=1 1024w, https:\/\/i0.wp.com\/projects.nib.si\/xylvecsi\/wp-content\/uploads\/sites\/12\/2022\/10\/DelavnicaPregledniki_Polygala_MPirc.jpg?w=2000 2000w, https:\/\/i0.wp.com\/projects.nib.si\/xylvecsi\/wp-content\/uploads\/sites\/12\/2022\/10\/DelavnicaPregledniki_Polygala_MPirc.jpg?w=3000 3000w\" sizes=\"auto, (max-width: 300px) 100vw, 300px\" \/><p id=\"caption-attachment-359\" class=\"wp-caption-text\">Mirtolistna grebenu\u0161a v cvetju<\/p><\/div>\n<div id=\"attachment_371\" style=\"width: 310px\" class=\"wp-caption alignnone\"><img data-recalc-dims=\"1\" loading=\"lazy\" decoding=\"async\" aria-describedby=\"caption-attachment-371\" data-attachment-id=\"371\" data-permalink=\"https:\/\/projects.nib.si\/xylvecsi\/events-2\/delavnicapregledniki_lampvdezju\/\" data-orig-file=\"https:\/\/i0.wp.com\/projects.nib.si\/xylvecsi\/wp-content\/uploads\/sites\/12\/2022\/10\/DelavnicaPregledniki_LAMPvDezju.jpg?fit=2160%2C2160&amp;ssl=1\" data-orig-size=\"2160,2160\" data-comments-opened=\"1\" data-image-meta=\"{&quot;aperture&quot;:&quot;1.9&quot;,&quot;credit&quot;:&quot;Tanja Dreo, NIB&quot;,&quot;camera&quot;:&quot;SM-J710F&quot;,&quot;caption&quot;:&quot;&quot;,&quot;created_timestamp&quot;:&quot;1559221577&quot;,&quot;copyright&quot;:&quot;&quot;,&quot;focal_length&quot;:&quot;3.7&quot;,&quot;iso&quot;:&quot;40&quot;,&quot;shutter_speed&quot;:&quot;0.00199203187251&quot;,&quot;title&quot;:&quot;&quot;,&quot;orientation&quot;:&quot;6&quot;}\" data-image-title=\"DelavnicaPregledniki_LAMPvDezju\" data-image-description=\"\" data-image-caption=\"&lt;p&gt;Hitro testiranje s testom LAMP tudi v de\u017eju&lt;\/p&gt;\n\" data-medium-file=\"https:\/\/i0.wp.com\/projects.nib.si\/xylvecsi\/wp-content\/uploads\/sites\/12\/2022\/10\/DelavnicaPregledniki_LAMPvDezju.jpg?fit=300%2C300&amp;ssl=1\" data-large-file=\"https:\/\/i0.wp.com\/projects.nib.si\/xylvecsi\/wp-content\/uploads\/sites\/12\/2022\/10\/DelavnicaPregledniki_LAMPvDezju.jpg?fit=1024%2C1024&amp;ssl=1\" class=\"size-medium wp-image-371\" src=\"https:\/\/i0.wp.com\/projects.nib.si\/xylvecsi\/wp-content\/uploads\/sites\/12\/2022\/10\/DelavnicaPregledniki_LAMPvDezju.jpg?resize=300%2C300\" alt=\"Hitro testiranje s testom LAMP tudi v de\u017eju\" width=\"300\" height=\"300\" srcset=\"https:\/\/i0.wp.com\/projects.nib.si\/xylvecsi\/wp-content\/uploads\/sites\/12\/2022\/10\/DelavnicaPregledniki_LAMPvDezju.jpg?resize=300%2C300&amp;ssl=1 300w, https:\/\/i0.wp.com\/projects.nib.si\/xylvecsi\/wp-content\/uploads\/sites\/12\/2022\/10\/DelavnicaPregledniki_LAMPvDezju.jpg?resize=150%2C150&amp;ssl=1 150w, https:\/\/i0.wp.com\/projects.nib.si\/xylvecsi\/wp-content\/uploads\/sites\/12\/2022\/10\/DelavnicaPregledniki_LAMPvDezju.jpg?resize=768%2C768&amp;ssl=1 768w, https:\/\/i0.wp.com\/projects.nib.si\/xylvecsi\/wp-content\/uploads\/sites\/12\/2022\/10\/DelavnicaPregledniki_LAMPvDezju.jpg?resize=1024%2C1024&amp;ssl=1 1024w, https:\/\/i0.wp.com\/projects.nib.si\/xylvecsi\/wp-content\/uploads\/sites\/12\/2022\/10\/DelavnicaPregledniki_LAMPvDezju.jpg?w=2000 2000w\" sizes=\"auto, (max-width: 300px) 100vw, 300px\" \/><p id=\"caption-attachment-371\" class=\"wp-caption-text\">Hitro testiranje s testom LAMP tudi v de\u017eju<\/p><\/div>\n<hr \/>\n<p>&nbsp;<\/p>\n<p><span style=\"color: #006666\"><em>Rezultate projekta smo predstavili na 14. Slovenskem posvetovanju o varstvu rastlin, Maribor, 5.-6. marec 2019<\/em><\/span><\/p>\n<p>Na posvetu smo partnerji projekta predstavili kar tri prispevke: rezultate spremljanja razvjne dinamike in \u017eivljenjske strategije navadne slinarice (prena\u0161alca bakterije <em>X. fastidiosa<\/em>), rezultate programov preiskva bakterijskega o\u017eiga oljk od 2014 do 2018 (bakterije v Sloveniji ni bila ugotovljena) in optimizacijo laboratorijskega testiranja.<\/p>\n<p style=\"padding-left: 30px\">SELJAK, Gabrijel, \u017dE\u017dLINA, Ivan, ROT, Mojca, JAN\u010cAR, Matja\u017e, DEVETAK, Marko, DREO, Tanja. Razvojna dinamika in \u017eivljenjske strategije navadne slinarice &#8211; Philaenus spumarius (Hemiptera, Cicadomorpha: Aphrophoridae), naravne prena\u0161alke bakterije\u00a0 <em>Xylella fastidiosa<\/em> v Evropi = Development dynamics and life strategies of meadow spittle bug &#8211; Philaenus spumarius (L.) (Hemiptera, Cicadomorpha: Aphrophoridae), a natural vector of\u00a0<em> Xylella fastidiosa<\/em> in Europe. V: TRDAN, Stanislav (ur.). Izvle\u010dki referatov = Abstract volume, 14. Slovensko posvetovanje o varstvu rastlin, Maribor, 5.- 6. marec 2019 = 14th Slovenian conference on plant protection, Maribor, Slovenija, March 5th-6th, 2019. Ljubljana: Dru\u0161tvo za varstvo rastlin Slovenije: = Plant Protection Society of Slovenia. 2019, str. 52. [COBISS.SI-ID 5012815]<\/p>\n<p style=\"padding-left: 30px\">JAN\u010cAR, Matja\u017e, DREO, Tanja, PIRC, Manca, ORE\u0160EK, Erika. Programi preiskav bakterijskega o\u017eiga oljk &#8211; <em>Xyllela fastidiosa<\/em> (Wells &amp; Raju) od 2014 do 2018 v Republiki Sloveniji = Surveys on <em>Xyllela fastidiosa<\/em> (Wells &amp; Raju) from 2014 to 2018 in Slovenia. V: TRDAN, Stanislav (ur.). Izvle\u010dki referatov = Abstract volume, 14. Slovensko posvetovanje o varstvu rastlin, Maribor, 5.- 6. marec 2019 = 14th Slovenian conference on plant protection, Maribor, Slovenija, March 5th-6th, 2019. Ljubljana: Dru\u0161tvo za varstvo rastlin Slovenije: = Plant Protection Society of Slovenia. 2019, str. 53-54. [COBISS.SI-ID 5020239]<\/p>\n<p style=\"padding-left: 30px\">PIRC, Manca, JAKOMIN, Tja\u0161a, DREO, Tanja. Optimizacija laboratorijskega testiranja gostiteljskih rastlin za dolo\u010danje bakterije\u00a0 <em>Xylella fastidiosa<\/em> = Optimization of laboratory testing of host plants for detection of\u00a0 <em>Xylella fastidiosa<\/em>. V: TRDAN, Stanislav (ur.). Izvle\u010dki referatov = Abstract volume, 14. Slovensko posvetovanje o varstvu rastlin, Maribor, 5.- 6. marec 2019 = 14th Slovenian conference on plant protection, Maribor, Slovenija, March 5th-6th, 2019. Ljubljana: Dru\u0161tvo za varstvo rastlin Slovenije: = Plant Protection Society of Slovenia. 2019, str. 99. [COBISS.SI-ID 5023055]<\/p>\n<hr \/>\n<p>&nbsp;<\/p>\n<p><span style=\"color: #006666\"><em>Letni koledar projekta XylVec in Nacionalnega in\u0161tituta za biologijo za leto 2019: le nekatere izmed rastlin, ki jih lahko oku\u017ei bakterija Xylella fastidiosa<br \/>\n<\/em><\/span><\/p>\n<p>Bakterija <em>Xylella fastidiosa<\/em> je izbir\u010dna (kar je prevod latinskega dela njenega imena &#8216;fastidiosa&#8217;) le v smislu izbora tkiv in hranil: \u017eivi v prevodnih ceveh rastlin, pri rastlinah pa ni izbir\u010dna. Oku\u017ei lahko ve\u010d kot 300 vrst med katerimi so drevesa, zelnate rastline, pomembne gojene in samonikle rastline. <a href=\"http:\/\/projects.nib.si\/xylvecsi\/wp-content\/uploads\/sites\/12\/2022\/10\/NIB_koledar_2019_297x180mm_PRESS.pdf\" rel=\"\">Nekatere izmed njih smo zbrali v letnem koledarju.<\/a><\/p>\n<p><a href=\"https:\/\/i0.wp.com\/projects.nib.si\/xylvecsi\/wp-content\/uploads\/sites\/12\/2022\/10\/LetniKoledarNIB2019.jpg\" rel=\"attachment wp-att-395\"><img data-recalc-dims=\"1\" loading=\"lazy\" decoding=\"async\" data-attachment-id=\"395\" data-permalink=\"https:\/\/projects.nib.si\/xylvecsi\/events-2\/letnikoledarnib2019\/\" data-orig-file=\"https:\/\/i0.wp.com\/projects.nib.si\/xylvecsi\/wp-content\/uploads\/sites\/12\/2022\/10\/LetniKoledarNIB2019.jpg?fit=826%2C453&amp;ssl=1\" data-orig-size=\"826,453\" data-comments-opened=\"1\" data-image-meta=\"{&quot;aperture&quot;:&quot;0&quot;,&quot;credit&quot;:&quot;&quot;,&quot;camera&quot;:&quot;&quot;,&quot;caption&quot;:&quot;&quot;,&quot;created_timestamp&quot;:&quot;0&quot;,&quot;copyright&quot;:&quot;&quot;,&quot;focal_length&quot;:&quot;0&quot;,&quot;iso&quot;:&quot;0&quot;,&quot;shutter_speed&quot;:&quot;0&quot;,&quot;title&quot;:&quot;&quot;,&quot;orientation&quot;:&quot;0&quot;}\" data-image-title=\"\" data-image-description=\"\" data-image-caption=\"\" data-medium-file=\"https:\/\/i0.wp.com\/projects.nib.si\/xylvecsi\/wp-content\/uploads\/sites\/12\/2022\/10\/LetniKoledarNIB2019.jpg?fit=300%2C165&amp;ssl=1\" data-large-file=\"https:\/\/i0.wp.com\/projects.nib.si\/xylvecsi\/wp-content\/uploads\/sites\/12\/2022\/10\/LetniKoledarNIB2019.jpg?fit=826%2C453&amp;ssl=1\" class=\"alignnone size-medium wp-image-395\" src=\"https:\/\/i0.wp.com\/projects.nib.si\/xylvecsi\/wp-content\/uploads\/sites\/12\/2022\/10\/LetniKoledarNIB2019.jpg?resize=300%2C165\" alt=\"\" width=\"300\" height=\"165\" srcset=\"https:\/\/i0.wp.com\/projects.nib.si\/xylvecsi\/wp-content\/uploads\/sites\/12\/2022\/10\/LetniKoledarNIB2019.jpg?resize=300%2C165&amp;ssl=1 300w, https:\/\/i0.wp.com\/projects.nib.si\/xylvecsi\/wp-content\/uploads\/sites\/12\/2022\/10\/LetniKoledarNIB2019.jpg?resize=768%2C421&amp;ssl=1 768w, https:\/\/i0.wp.com\/projects.nib.si\/xylvecsi\/wp-content\/uploads\/sites\/12\/2022\/10\/LetniKoledarNIB2019.jpg?w=826&amp;ssl=1 826w\" sizes=\"auto, (max-width: 300px) 100vw, 300px\" \/><\/a><\/p>\n<hr \/>\n<p><span style=\"color: #006666\"><em>&#8216;Gasilski&#8217; koledar na temo bakterije Xylella fastidiosa za leto 2019<\/em><\/span><\/p>\n<p>Pazimo, da ga\u0161enje ne bo potrebno in da vas bo gasilski koledar pogosto spomnil na varovanje na\u0161e kmetijske pridelave in narave. <a href=\"http:\/\/projects.nib.si\/xylvecsi\/wp-content\/uploads\/sites\/12\/2022\/10\/GasilskiKoledar.pdf\" rel=\"\">Pa \u0161e lep je, kajne?<\/a><\/p>\n<p><a href=\"https:\/\/i0.wp.com\/projects.nib.si\/xylvecsi\/wp-content\/uploads\/sites\/12\/2022\/10\/GasilskiKoledarIcon.jpg\" rel=\"attachment wp-att-393\"><img data-recalc-dims=\"1\" loading=\"lazy\" decoding=\"async\" data-attachment-id=\"393\" data-permalink=\"https:\/\/projects.nib.si\/xylvecsi\/events-2\/gasilskikoledaricon\/\" data-orig-file=\"https:\/\/i0.wp.com\/projects.nib.si\/xylvecsi\/wp-content\/uploads\/sites\/12\/2022\/10\/GasilskiKoledarIcon.jpg?fit=434%2C614&amp;ssl=1\" data-orig-size=\"434,614\" data-comments-opened=\"1\" data-image-meta=\"{&quot;aperture&quot;:&quot;0&quot;,&quot;credit&quot;:&quot;&quot;,&quot;camera&quot;:&quot;&quot;,&quot;caption&quot;:&quot;&quot;,&quot;created_timestamp&quot;:&quot;0&quot;,&quot;copyright&quot;:&quot;&quot;,&quot;focal_length&quot;:&quot;0&quot;,&quot;iso&quot;:&quot;0&quot;,&quot;shutter_speed&quot;:&quot;0&quot;,&quot;title&quot;:&quot;&quot;,&quot;orientation&quot;:&quot;0&quot;}\" data-image-title=\"Gasilski koledar o Xyf\" data-image-description=\"\" data-image-caption=\"\" data-medium-file=\"https:\/\/i0.wp.com\/projects.nib.si\/xylvecsi\/wp-content\/uploads\/sites\/12\/2022\/10\/GasilskiKoledarIcon.jpg?fit=212%2C300&amp;ssl=1\" data-large-file=\"https:\/\/i0.wp.com\/projects.nib.si\/xylvecsi\/wp-content\/uploads\/sites\/12\/2022\/10\/GasilskiKoledarIcon.jpg?fit=434%2C614&amp;ssl=1\" class=\"alignnone size-medium wp-image-393\" src=\"https:\/\/i0.wp.com\/projects.nib.si\/xylvecsi\/wp-content\/uploads\/sites\/12\/2022\/10\/GasilskiKoledarIcon.jpg?resize=212%2C300\" alt=\"Gasilski koledar o Xyf\" width=\"212\" height=\"300\" srcset=\"https:\/\/i0.wp.com\/projects.nib.si\/xylvecsi\/wp-content\/uploads\/sites\/12\/2022\/10\/GasilskiKoledarIcon.jpg?resize=212%2C300&amp;ssl=1 212w, https:\/\/i0.wp.com\/projects.nib.si\/xylvecsi\/wp-content\/uploads\/sites\/12\/2022\/10\/GasilskiKoledarIcon.jpg?w=434&amp;ssl=1 434w\" sizes=\"auto, (max-width: 212px) 100vw, 212px\" \/><\/a><\/p>\n<hr \/>\n<p>&nbsp;<\/p>\n<p><span style=\"color: #006666\"><em>Validacijske podatke laboratorijskih testov smo v letu 2018 delili v odprtokodni znanosti<\/em><\/span><\/p>\n<p>Z validacijo testov preverjamo in dokazujemo zanesljivost in ustreznost laboratorijskih testov za uporabljen namen. Analize izvedene v okviru projekta XylVec so prispevale k validaciji visokotehnolo\u0161kih testov PCR v realnem \u010dasu. Rezultate smo deleli v bazi validacijskih podatkov evropske regionalne organizacije za varstvo rastlin, EPPO.<\/p>\n<p style=\"padding-left: 30px\">DREO, Tanja. qPCR for detection of\u00a0 <em>Xylella fastidiosa<\/em> based on Francis <em>et al<\/em>., 2006, EJPP 115, 203-213 : review of existing validation data, modification of test and in silico analysis. [S. l.: s. n.], 2018. http:\/\/dc.eppo.int\/dwvalidationfile.php5?file=173PM213Z44273F919E86FA0D2B89A07C127B8705. [COBISS.SI-ID 4850767]<\/p>\n<p style=\"padding-left: 30px\">DREO, Tanja, PIRC, Manca. qPCR for detection of\u00a0 <em>Xylella fastidiosa<\/em> based on Harper <em>et al<\/em>., 2010, erratum 2013 : analytical sensitivity &#8211; standard curves. [S. l.: s. n.], 2018. http:\/\/dc.eppo.int\/dwvalidationfile.php5?file=174PM218ZFA3372981BCAD2FE4F774E773BA070A8. [COBISS.SI-ID 4851791]<\/p>\n<p style=\"padding-left: 30px\">DREO, Tanja, PIRC, Manca. qPCR for detection of\u00a0 <em>Xylella fastidiosa<\/em> based on Harper <em>et al<\/em>., 2010, erratum 2013 : diagnostic specificity and sensitivity determined in spiked samples (PKIe). [S. l.: s. n.], 2018. http:\/\/dc.eppo.int\/dwvalidationfile.php5?file=174PM219ZB3FAFDED84482F1DBCDF02B140E0A2A1. [COBISS.SI-ID 4852047]<\/p>\n<p style=\"padding-left: 30px\">DREO, Tanja. qPCR for detection of\u00a0 <em>Xylella fastidiosa<\/em> based on Harper <em>et al<\/em>., 2010, erratum 2013 : literature review and modification of test. [S. l.: s. n.], 2018. http:\/\/dc.eppo.int\/dwvalidationfile.php5?file=174PM217Z4A3B6D8AA5A027519BABAA0520B894BA. [COBISS.SI-ID 4851535]<\/p>\n<p style=\"padding-left: 30px\">DREO, Tanja, PIRC, Manca. qPCR for detection of\u00a0 <em>Xylella fastidiosa<\/em> based on Schaad <em>et al<\/em>. (2002), Francis et al. (2006), Harper et al., 2010, erratum 2013 : analytical specificity. [S. l.: s. n.], 2018. http:\/\/dc.eppo.int\/dwvalidationfile.php5?file=172PM212Z900EA4ECD9CFBCEA75B941FC79A40BD7. [COBISS.SI-ID 4850511]<\/p>\n<p style=\"padding-left: 30px\">DREO, Tanja, PIRC, Manca. qPCR for detection of\u00a0 <em>Xylella fastidiosa<\/em> based on Schaad <em>et al<\/em>., Phytopathology, 2002, 92 (7): 721-728 : analytical sensitivity &#8211; standard curves. [S. l.: s. n.], 2018. http:\/\/dc.eppo.int\/dwvalidationfile.php5?file=172PM211ZCE3942EED3F42728F1509C41FF7B267E. [COBISS.SI-ID 4850255]<\/p>\n<p style=\"padding-left: 30px\">DREO, Tanja, PIRC, Manca. qPCR for detection of\u00a0 Xylella fastidiosa based on Schaad et al., Phytopathology, 2002, 92 (7): 721-728 : diagnostic specificity and sensitivity determined in spiked samples (PKIe). [S. l.: s. n.], 2018. http:\/\/dc.eppo.int\/dwvalidationfile.php5?file=172PM210ZD0DC5A3401DD61A0E98E98230266E8F8. [COBISS.SI-ID 4849999]<\/p>\n<p style=\"padding-left: 30px\">DREO, Tanja. qPCR for detection of\u00a0 <em>Xylella fastidiosa<\/em> based on Schaad et al., Phytopathology, 2002, 92 (7): 721-728 : review of existing validation data, modification of test and in silico analysis. [S. l.: s. n.], 2018. http:\/\/dc.eppo.int\/dwvalidationfile.php5?file=172PM209ZF9DF06C5424BC6DDE184FDF2AC23FE9F. [COBISS.SI-ID 4849743]<\/p>\n<hr \/>\n<p>&nbsp;<\/p>\n<p><span style=\"color: #006666\"><em>Na petem Slovenskem entomolo\u0161kem simpoziju z mednarodno udele\u017ebo (Maribor, 21.-22. september, 2018) smo predstavili ugotovitve o bionomiji navadne slinarice, prena\u0161alca bakterijskega o\u017eiga oljk v Evropi<\/em><\/span><\/p>\n<p>Bionomija \u017eu\u017eel\u010djih prena\u0161alcev bolezni je posebej pomembna, ker nam njeno poznavanje omogo\u010da izbiro ustreznih ukrepov obvladovanja bolezni in ustreznega \u010dasa zanje. Navadna slinarica je v Evropi in tudi Sloveniji splo\u0161no raz\u0161irjena in najve\u010dkrat ne\u0161kodljiva \u017eu\u017eelka. Zimo pre\u017eivo kot jaj\u010dece iz katerega se spomladi izle\u017eejo li\u010dinke, ki se hranijo na razli\u010dnih zelnatih rastlinah in se ob tem obdajo s pljunki, ki so na na\u0161ih travnikih najbolj pogosti aprila in maja &#8211; ti jim slu\u017eijo za ohranjenje vlage in za\u0161\u010dito. Po ve\u010dkratni levitvi so odrasle slinarice tiste, ki se lahko oku\u017eijo z bakterijo <em>Xylella fastidiosa<\/em>; enkrat oku\u017eene, so ku\u017ene celo \u017eivljenje in bakterijo lahko ob hranjenju \u0161irijo na zdrave rastline. Ob padanju temperatur v jeseni se \u0161tevilo navadnih slinaric zni\u017ea, posamezne osebke pa smo zasledili vse do novembra in do nadmorske vi\u0161ine 800 metrov.<\/p>\n<p style=\"padding-left: 30px\">SELJAK, Gabrijel, \u017dE\u017dLINA, Ivan, ROT, Mojca, JAN\u010cAR, Matja\u017e, DEVETAK, Marko, DREO, Tanja. Bionomija navadne slinarice &#8211; <em>Philaenus spumarius<\/em> (Linnaeus, 1758) (Hemiptera, Cicadomorpha, Aphrophoridae) in gostiteljske preference njenih mladostnih stadijev = Bionomics of the meadow spittlebug &#8211; <em>Philaenus spumarius<\/em> (Linnaeus, 1758) (Hemiptera, Cicadomorpha, Aphrophoridae) and host preferences of its immatures. V: PODLESNIK, Jan (ur.), KLOKO\u010cOVNIK, Vesna (ur.). Knjiga povzetkov = Book of abstracts, Pet<\/p>\n<p style=\"padding-left: 30px\">i Slovenski entomolo\u0161ki simpozij z mednarodno udele\u017ebo, Maribor, 21. in 22. september 2018. 1st ed. Maribor: Univerzitetna zalo\u017eba Univerze. 2018, str. 27. http:\/\/press.um.si\/index.php\/ump\/catalog\/book\/329. [COBISS.SI-ID 5014095]<\/p>\n<hr \/>\n<p>&nbsp;<\/p>\n<p><span style=\"color: #006666\"><em>Rezultate projekta XylVec smo predstavljali na ugledni mednarodni konferenci ameri\u0161kega fitopatolo\u0161kega dru\u0161tva (APS), Boston, ZDA, 29.7.-23.8.2018<br \/>\n<\/em><\/span><\/p>\n<p>Poseben iiziv laboratorijskega dolo\u010danja bakterije Xylella fastidiosa je veliko \u0161tevilo gostiteljskih rastlin, ki jih testiramo. Skoraj vsaka od njih ima posebno sestavo, ki lahko vpliva na testiranje, mi pa si seveda \u017eelimo, da je testiranje zanesljivo ne glede na vrsto rastline. V prispevki smo predstavili vplive, ki smo jih opazili in na\u0161e pristope k zanesljivi diagnostiki.<\/p>\n<p style=\"padding-left: 30px\">DREO, Tanja, PIRC, Manca, RAVNIKAR, Maja. Digital PCR reveals different effects of plant matrices on the recovery of\u00a0 <em>Xylella fastidiosa<\/em> DNA. V: Plant health in a global economy, (Phytopathology (Online), ISSN 1943-7684, vol. 108, no. 10S). [S. l.: s. n. 2018]. <a href=\"https:\/\/apsnet.confex.com\/apsnet\/ICPP2018\/meetingapp.cgi\/Paper\/10926\" target=\"_blank\">https:\/\/apsnet.confex.com\/apsnet\/ICPP2018\/meetingapp.cgi\/Paper\/10926<\/a>. [COBISS.SI-ID 4793679]<\/p>\n<hr \/>\n<p>&nbsp;<\/p>\n<p><span style=\"color: #006666\"><em>Sodelovali smo na dnevu o\u010darljivih rastlin 2018<\/em><\/span><\/p>\n<p>Na stojnici ob <a href=\"https:\/\/www.plantslo.org\/wp\/dan-ocarljivih-rastlin-2018\/\" target=\"_blank\">Dnevu o\u010darljivih rastlin<\/a> smo mlaj\u0161im in starej\u0161im otrokom predstavili kako ob oku\u017ebi z bakterijo <em>Xylella fastidiosa<\/em> zbolijo rastline in kak\u0161no vlogo pri tem igrajo navadne slinarice.<\/p>\n<hr \/>\n<p>&nbsp;<\/p>\n<p><span style=\"color: #006666\"><em>Predstavljanje hitrega in za teren primernega testiranja rastlin na bakterijo Xylella fastidios na Dnevu odprtih vrat Drevesnice Bilje<br \/>\n<\/em><\/span><\/p>\n<p>\u010ce\u0161nje so le ena od rastli, ki jih lahko oku\u017eijo in uni\u010dijo bakterije <em>Xylella fastidiosa<\/em>. Na dnevu odprtih vrat smo pridelovalce in poku\u0161evalce \u010de\u0161enj seznanili s tveganjem, ki ga predstavlja <em>Xylella fastidiosa<\/em> in jim prikazali uporabo testa LAMP &#8211; izotermalnega testa, ki ga lahko s priro\u010dnim in\u0161trumentom hitro in u\u010dinkovito izvedemo tudi na terenu.<\/p>\n<div id=\"attachment_391\" style=\"width: 310px\" class=\"wp-caption alignnone\"><a href=\"https:\/\/i0.wp.com\/projects.nib.si\/xylvecsi\/wp-content\/uploads\/sites\/12\/2022\/10\/DanOdprtihVratBilje_BAmbrTurk.jpg\" rel=\"attachment wp-att-391\"><img data-recalc-dims=\"1\" loading=\"lazy\" decoding=\"async\" aria-describedby=\"caption-attachment-391\" data-attachment-id=\"391\" data-permalink=\"https:\/\/projects.nib.si\/xylvecsi\/events-2\/danodprtihvratbilje_bambrturk\/\" data-orig-file=\"https:\/\/i0.wp.com\/projects.nib.si\/xylvecsi\/wp-content\/uploads\/sites\/12\/2022\/10\/DanOdprtihVratBilje_BAmbrTurk.jpg?fit=3456%2C2304&amp;ssl=1\" data-orig-size=\"3456,2304\" data-comments-opened=\"1\" data-image-meta=\"{&quot;aperture&quot;:&quot;4&quot;,&quot;credit&quot;:&quot;&quot;,&quot;camera&quot;:&quot;DSC-HX1&quot;,&quot;caption&quot;:&quot;&quot;,&quot;created_timestamp&quot;:&quot;1528977326&quot;,&quot;copyright&quot;:&quot;&quot;,&quot;focal_length&quot;:&quot;5&quot;,&quot;iso&quot;:&quot;125&quot;,&quot;shutter_speed&quot;:&quot;0.003125&quot;,&quot;title&quot;:&quot;&quot;,&quot;orientation&quot;:&quot;1&quot;}\" data-image-title=\"Fotograf: Barbara Ambro\u017ei\u010d Turk.\" data-image-description=\"\" data-image-caption=\"\" data-medium-file=\"https:\/\/i0.wp.com\/projects.nib.si\/xylvecsi\/wp-content\/uploads\/sites\/12\/2022\/10\/DanOdprtihVratBilje_BAmbrTurk.jpg?fit=300%2C200&amp;ssl=1\" data-large-file=\"https:\/\/i0.wp.com\/projects.nib.si\/xylvecsi\/wp-content\/uploads\/sites\/12\/2022\/10\/DanOdprtihVratBilje_BAmbrTurk.jpg?fit=1024%2C683&amp;ssl=1\" class=\"wp-image-391 size-medium\" title=\"Fotograf: Barbara Ambro\u017ei\u010d Turk.\" src=\"https:\/\/i0.wp.com\/projects.nib.si\/xylvecsi\/wp-content\/uploads\/sites\/12\/2022\/10\/DanOdprtihVratBilje_BAmbrTurk.jpg?resize=300%2C200\" alt=\"\" width=\"300\" height=\"200\" srcset=\"https:\/\/i0.wp.com\/projects.nib.si\/xylvecsi\/wp-content\/uploads\/sites\/12\/2022\/10\/DanOdprtihVratBilje_BAmbrTurk.jpg?resize=300%2C200&amp;ssl=1 300w, https:\/\/i0.wp.com\/projects.nib.si\/xylvecsi\/wp-content\/uploads\/sites\/12\/2022\/10\/DanOdprtihVratBilje_BAmbrTurk.jpg?resize=768%2C512&amp;ssl=1 768w, https:\/\/i0.wp.com\/projects.nib.si\/xylvecsi\/wp-content\/uploads\/sites\/12\/2022\/10\/DanOdprtihVratBilje_BAmbrTurk.jpg?resize=1024%2C683&amp;ssl=1 1024w, https:\/\/i0.wp.com\/projects.nib.si\/xylvecsi\/wp-content\/uploads\/sites\/12\/2022\/10\/DanOdprtihVratBilje_BAmbrTurk.jpg?w=2000 2000w, https:\/\/i0.wp.com\/projects.nib.si\/xylvecsi\/wp-content\/uploads\/sites\/12\/2022\/10\/DanOdprtihVratBilje_BAmbrTurk.jpg?w=3000 3000w\" sizes=\"auto, (max-width: 300px) 100vw, 300px\" \/><\/a><p id=\"caption-attachment-391\" class=\"wp-caption-text\">Fotograf: Barbara Ambro\u017ei\u010d Turk.<\/p><\/div>\n<hr \/>\n<p>&nbsp;<\/p>\n<p><span style=\"color: #006666\"><em>Priprava informativne zgibanke s priporo\u010dili za oljkarje, maj 2018<\/em><\/span><\/p>\n<p>V Evropi bakterija <em>Xylella fastidiosa<\/em> najbolj ogro\u017ea oljke, \u0161e posebej na obmo\u010dju Apulije. Kot pri drugih bakterijskih boleznih je najbolj u\u010dinkovita preventiva, saj u\u010dinkovita sredstva za zdravljenje rastlin ne obstajajo. Pred vnosom bolezni se tako najla\u017eje zavarujemo s pazljivo izbiro sadilnega materiala, ki mora biti zdrav in prost <em>Xylella fastidiosa<\/em>. <a href=\"http:\/\/projects.nib.si\/xylvecsi\/wp-content\/uploads\/sites\/12\/2018\/03\/NIB_Oljke_zlozenka_A3_PRESS.pdf\" rel=\"\">Priporo\u010dila smo povzeli v priro\u010dni zgibanki.<\/a>.<\/p>\n<hr \/>\n<p>&nbsp;<\/p>\n<p><span style=\"color: #006666\"><em>Posvet Samo povezani lahko uspemo, 19. januar 2018<\/em><\/span><\/p>\n<p>Partnerji projekta smo s predavanjem sodelovali na 8. strokovnem posvetu pridelovalcev okrasnih rastlin Slovenije. Registriranim uporabnikom\u00a0 je predavanje dostopno na internetni strani dru\u0161tva (<a href=\"http:\/\/www.zpors.si\/vsebine-posveta-2018.html\" target=\"_blank\">http:\/\/www.zpors.si\/vsebine-posveta-2018.html<\/a>).<\/p>\n<hr \/>\n<p>&nbsp;<\/p>\n<p><span style=\"color: #006666\"><em>V letu 2017 je partner projekta, mag, Seljak, opisal novo vrsto med \u0161kr\u017eati<\/em><\/span><\/p>\n<p style=\"padding-left: 30px\">SELJAK G. 2017: <em>Limotettix carniolicus<\/em> sp. nov., a new West-Palaearctic leafhopper species. (Hemiptera, Cicadomorpha, Cicadellidae). Acta Entomologica Slovenica, 25 (1): 65-74.<\/p>\n<hr \/>\n<p>&nbsp;<\/p>\n<p><span style=\"color: #006666\"><em>V letu 2017 smo z vsebinami projekta redno informirali pridelovalce<br \/>\n<\/em><\/span><\/p>\n<p style=\"padding-left: 30px\">JAN\u010cAR, Matja\u017e. Varstvo olj\u010dnikov pred boleznimi in \u0161kodljivci \u2013 Predstavitev dejavnosti na projektu XylVec, 30. januar 2017, Bukovica.<\/p>\n<p style=\"padding-left: 30px\">JAN\u010cAR, Matja\u017e. Varstvo olj\u010dnikov pred boleznimi in \u0161kodljivci \u2013 Predstavitev dejavnosti na projektu XylVec, 6 februar 2017, Dobrovo, Klet Gori\u0161ka Brda.<\/p>\n<p style=\"padding-left: 30px\">JAN\u010cAR, Matja\u017e. Varstvo vinske trte \u2013 Predstavitev dejavnosti na projektu XylVec, 14. februar 2017, Pobegi.<\/p>\n<p style=\"padding-left: 30px\">JAN\u010cAR, Matja\u017e. Varstvo vinske trte \u2013 Predstavitev dejavnosti na projektu XylVec, 27. februar 2017, Dutovlje.<\/p>\n<hr \/>\n<p>&nbsp;<\/p>\n<p><span style=\"color: #006666\"><em>Bakterijski o\u017eig oljk smo predstavljali na letnem sre\u010danju Dru\u0161tva oljkarjev Brda in Gori\u0161kega oljkarskega dru\u0161tva, 15.12.2017<br \/>\n<\/em><\/span><\/p>\n<p style=\"padding-left: 30px\">SELJAK, Gabrijel. Bakterijski o\u017eig oljk in <em>Xylella fastidiosa<\/em>, aktualno stanje, nova spoznanja: Letno sre\u010danje Dru\u0161tva oljkarjev Brda in Gori\u0161kega oljkarskega dru\u0161tva, 15.12.2017, Dobrovo.<\/p>\n<hr \/>\n<p>&nbsp;<\/p>\n<p><span style=\"color: #006666\"><em>Izvajalci projekta prispevali k mednarodnemu popisu \u017eu\u017eelk med katerimi so tudi potencialni in znani prena\u0161alci bakterije Xylella fastidiosa, 2017<br \/>\n<\/em><\/span><\/p>\n<p style=\"padding-left: 30px\">Holzinger, W.E., Aukema B., Bieman K.M., Bourgoin T., Burckhardt D., Carapezza A., Cianferoni F., Chen P-P., Faraci F., Goula M., Helden A.J., Hemala V., Huber E., Jerini\u0107-Prodanovi\u0107 D., Kment P., Kunz G., Nickel H., Morkel C., Rabitsch W., Ramsay A.J., Rakauskas R., Roca-Cusachs M., Schlosser L., Seljak G., Serbina L., Soulier-Perkins A., Spodek M. and Friess T. 2017: Hemiptera records from Lake Spechtensee and from Southern Styria (Austria). Entomologica Austriaca, 24: 67\u201382.<\/p>\n<hr \/>\n<p>&nbsp;<\/p>\n<p><span style=\"color: #006666\"><em>Uporabo kontrol za zanesljive teste dolo\u010danja Xylella fastidiosa smo predstavili na mednarodni konferenci EFSA, 13.-15. november 2017<\/em><\/span><\/p>\n<p style=\"padding-left: 30px\">DREO, Tanja, PIRC, Manca, RAVNIKAR, Maja. Internal controls and digital PCR supporting reliable detection of <em>X. fastidiosa<\/em>. V: Finding answers to a global problem : book of abstracts, European Conference on <em>Xylella<\/em>, Palma de Mallorca, 13-15 November 2017. [S. l.: s. n. 2017], str. 60-61. <a href=\"https:\/\/efsa.eventscase.com\/EN\/xylella_conference_2017\/Programme\" target=\"_blank\">https:\/\/efsa.eventscase.com\/EN\/xylella_conference_2017\/Programme<\/a>. [COBISS.SI-ID 4546895]<\/p>\n<hr \/>\n<p>&nbsp;<\/p>\n<p><span style=\"color: #006666\"><em>Sodelovali smo na Letnem sre\u010danju Dru\u0161tva oljkarjev Brda in Gori\u0161kega oljkarskega dru\u0161tva, 15.12.2017<br \/>\n<\/em><\/span><\/p>\n<p>Za oljkarje Gori\u0161kih Brd in Vipavske doline smo pripravili predavanje, ki sta vsebovali splo\u0161ne informacije o bakterijskem o\u017eigu, oljk in o bakteriji ter s specifi\u010dnimi poudarki za oljkarje.<\/p>\n<hr \/>\n<p>&nbsp;<\/p>\n<p><span style=\"color: #006666\"><em>Posvet o Xylella fastidiosa v okviru projekta XylVec, 4.10.2017<\/em><br \/>\n<\/span><\/p>\n<p>Vljudno vabljeni v <span style=\"text-decoration: underline\">Marezige<\/span>, kjer bo <span style=\"text-decoration: underline\">4. oktobra 2017<\/span> Posvet o bakterijskem \u017eigu oljk (<em>Xylella fastidiosa<\/em>). <span style=\"text-decoration: underline\">Vabljeni gost, dr. Donato Boscia<\/span>, prihaja iz laboratorija Institute for Sustainable Plant Protection, Italija, ki je leta 2013 identificiral bakterijo <em>Xylella fastidiosa<\/em> kot povzro\u010diteljico bakterijskega o\u017eiga oljk v ju\u017eni Italiji. Od takrat je aktivno vklju\u010den v raziskovalno delo povezano s to bakterijo, komuniciranje z javnostjo, pridelovalci in uradnimi slu\u017ebami ter \u0161e posebej v poskuse obvladovanja te nevarne bolezni. Vabljeni k obisku na katerem boste lahko izvedeli tudi kaj lahko sami storite, da nasade obvarujete pred oku\u017ebo in vidite kako oku\u017ebo laboratorijsko dolo\u010damo. <span style=\"text-decoration: underline\">Pri\u010detek sre\u010danja bo ob 9:30<\/span>, predvidoma se bo zaklju\u010dilo ob 13:30. <a href=\"http:\/\/www.nib.si\/aktualno\/novice\/1085-vabilo-na-posvet-marezige-4-oktober\">Vabilo s programom posveta najdete <\/a><a href=\"http:\/\/projects.nib.si\/xylvecsi\/wp-content\/uploads\/sites\/12\/2017\/03\/Vabilo_Xylella_MarezigeOct4_0930.pdf\" rel=\"\">tukaj.<\/a><\/p>\n<p>Slikovno predstavitev dr. Boscia si lahko ogledate <a href=\"http:\/\/projects.nib.si\/xylvecsi\/wp-content\/uploads\/sites\/12\/2018\/03\/Boscia-Slovenia-final_publicationApproved.pdf\" rel=\"\">tu<\/a>.<\/p>\n<p>O posvetu so mediji poro\u010dali v <a href=\"http:\/\/4d.rtvslo.si\/arhiv\/primorska-kronika\/174494709\" target=\"_blank\">Primorski kroniki TV Koper<\/a> (doseg 45.588), v oddaji Ljudje in zemlja in Dnevniku TV Slovenija 1 (doseg 418.920).<\/p>\n<hr \/>\n<p>&nbsp;<\/p>\n<p><em><span style=\"color: #006666\">Dan o\u010darljivih rastlin 2017<\/span><\/em><\/p>\n<p>Rastline so nas ponovno o\u010darale. Dogodek na katerem smo spoznavali eksoti\u010dno poimenovano bakterijo <em>Xylella fastidiosa<\/em> in \u017eu\u017eelko navadno slinarico (<em>Philaenus spumarius<\/em>) in kako sta povezana z rastlinami, je potekal <span style=\"text-decoration: underline\">19. maja v Ljubljani<\/span>.<\/p>\n<hr \/>\n<p>&nbsp;<\/p>\n<p><em><span style=\"color: #006666\">Sodelovali smo na 1. Mednarodnem viti-eno dnevu, 23.5.2017<\/span><\/em><\/p>\n<p style=\"padding-left: 30px\">DREO, Tanja. <em>Xylella fastidiosa<\/em>: stare in nove bakterijske bolezni vinske trte = <em>Xylella fastidiosa<\/em>: old and new bacterial diseases of grapevine. V: \u0160UKLJE, Katja (ur.). 1. Mednarodni viti-eno dan Univerze v Novi Gorici &#8211; IVED [tudi] Slovensko-francoski enolo\u0161ki dan, Vipava, 23. maj 2017. Nova Gorica: Univerza. 2017, str. [11-12]. [COBISS.SI-ID 4336719].<\/p>\n<hr \/>\n<p>&nbsp;<\/p>\n<p><em><span style=\"color: #006666\">Projekt XylVec smo predstavili na 13. Slovenskem posvetovanju o varstvu rastlin, 7.-8.3.2017<br \/>\n<\/span><\/em><\/p>\n<p>Na dogodku, ki se ga redno udele\u017euje ve\u010d kot 100 strokovnjakov s podro\u010dja kmetijstva in varstva rastlin, smo predstavili bolezni, ki jih povzro\u010da <em>Xylella fastidiosa<\/em>, kaj vemo o njenem pojavljanju v Evropi in kaj lahko storimo. Sre\u010danje je bilo 7.-8. marca 2017 v Rimskih Toplicah. Knjiga povzetkov je <a href=\"http:\/\/www.dvrs.bf.uni-lj.si\/index.htm\">na voljo tukaj<\/a>, celotni prispevek bo objavljen v <a href=\"http:\/\/www.dvrs.bf.uni-lj.si\/index.htm\">zborniku predavanj<\/a>.<\/p>\n","protected":false},"excerpt":{"rendered":"<p>Prispevek v reviji Oljka Rezultate projekta smo po zaklju\u010dnem posvetiu povzeli tudi v glasilu Oljka, ki ga izdaja Dru\u0161tvo oljkarjev Slovenske Istre. Prispevek lahko najdete v letniku XXI, januar 2020, na spletni strani dru\u0161tva (Glasilo Oljka). Posvet ob zaklju\u010dku projekta: \u0160irjenje bakterijskega o\u017eiga oljk (Xylella fastidiosa) &#8211; gro\u017enja za Sredozemlje in \u0161ir\u0161e? Marezige, 26.9.2019 Ob [&hellip;]<\/p>\n","protected":false},"author":16,"featured_media":0,"parent":0,"menu_order":7,"comment_status":"closed","ping_status":"closed","template":"","meta":{"jetpack_post_was_ever_published":false,"footnotes":""},"class_list":["post-268","page","type-page","status-publish","hentry"],"jetpack_sharing_enabled":true,"jetpack_shortlink":"https:\/\/wp.me\/P7OqMV-4k","jetpack-related-posts":[],"_links":{"self":[{"href":"https:\/\/projects.nib.si\/xylvecsi\/wp-json\/wp\/v2\/pages\/268","targetHints":{"allow":["GET"]}}],"collection":[{"href":"https:\/\/projects.nib.si\/xylvecsi\/wp-json\/wp\/v2\/pages"}],"about":[{"href":"https:\/\/projects.nib.si\/xylvecsi\/wp-json\/wp\/v2\/types\/page"}],"author":[{"embeddable":true,"href":"https:\/\/projects.nib.si\/xylvecsi\/wp-json\/wp\/v2\/users\/16"}],"replies":[{"embeddable":true,"href":"https:\/\/projects.nib.si\/xylvecsi\/wp-json\/wp\/v2\/comments?post=268"}],"version-history":[{"count":40,"href":"https:\/\/projects.nib.si\/xylvecsi\/wp-json\/wp\/v2\/pages\/268\/revisions"}],"predecessor-version":[{"id":397,"href":"https:\/\/projects.nib.si\/xylvecsi\/wp-json\/wp\/v2\/pages\/268\/revisions\/397"}],"wp:attachment":[{"href":"https:\/\/projects.nib.si\/xylvecsi\/wp-json\/wp\/v2\/media?parent=268"}],"curies":[{"name":"wp","href":"https:\/\/api.w.org\/{rel}","templated":true}]}}